{"id":517,"date":"2022-02-14T20:15:38","date_gmt":"2022-02-14T19:15:38","guid":{"rendered":"https:\/\/resiliatour.ch\/?page_id=517"},"modified":"2026-04-27T15:06:47","modified_gmt":"2026-04-27T13:06:47","slug":"title-resiliatour-sarl-brigue-resilience-pleine-conscience-bain-de-foret","status":"publish","type":"page","link":"https:\/\/resiliatour.ch\/fr\/","title":{"rendered":"Startseite"},"content":{"rendered":"\n<div class=\"wp-block-cover is-light\" style=\"min-height:100vh;aspect-ratio:unset;\"><img loading=\"lazy\" decoding=\"async\" width=\"1500\" height=\"879\" class=\"wp-block-cover__image-background wp-image-10\" alt=\"\" src=\"https:\/\/projects.botanibot.com\/resiliatour\/app\/uploads\/2022\/02\/bild_start.jpg\" style=\"object-position:52% 52%\" data-object-fit=\"cover\" data-object-position=\"52% 52%\" srcset=\"https:\/\/resiliatour.ch\/app\/uploads\/2022\/02\/bild_start.jpg 1500w, https:\/\/resiliatour.ch\/app\/uploads\/2022\/02\/bild_start-300x176.jpg 300w, https:\/\/resiliatour.ch\/app\/uploads\/2022\/02\/bild_start-1024x600.jpg 1024w, https:\/\/resiliatour.ch\/app\/uploads\/2022\/02\/bild_start-768x450.jpg 768w\" sizes=\"auto, (max-width: 1500px) 100vw, 1500px\" \/><span aria-hidden=\"true\" class=\"wp-block-cover__background has-background-dim-0 has-background-dim\"><\/span><div class=\"wp-block-cover__inner-container is-layout-flow wp-block-cover-is-layout-flow\">\n<h1 class=\"wp-block-heading\" id=\"resilienz-starken-renforcer-sa-resilience\"><mark style=\"background-color:rgba(0, 0, 0, 0)\" class=\"has-inline-color has-white-color\">resilienz st\u00e4rken \u2013 <br>renforcer sa r\u00e9silience<\/mark><\/h1>\n\n\n\n<p id=\"angebote-2022\"><mark style=\"background-color:rgba(0, 0, 0, 0)\" class=\"has-inline-color has-white-color\"><strong>Les offres 2026<\/strong><\/mark><\/p>\n\n\n\n<div class=\"wp-block-group has-white-color has-leafgreen-background-color has-text-color has-background\"><div class=\"wp-block-group__inner-container is-layout-flow wp-block-group-is-layout-flow\">\n<p><strong><strong><a href=\"https:\/\/resiliatour.ch\/fr\/event\/intuitives-tanzen\/\">Danse intuitive<\/a><\/strong><\/strong><br>\u00c0 partir d&#8217;octobre 2026<br>Valais central et Haut-Valais<\/p>\n<\/div><\/div>\n\n\n\n<div class=\"wp-block-group has-white-color has-leafgreen-background-color has-text-color has-background\"><div class=\"wp-block-group__inner-container is-layout-flow wp-block-group-is-layout-flow\">\n<p><strong><strong><a href=\"https:\/\/resiliatour.ch\/fr\/event\/hutte-de-sudation\/\">Hutte de sudation &amp; Didgeridoo<\/a><\/strong><\/strong><br>Valais central, Arbaz<\/p>\n<\/div><\/div>\n\n\n\n<div class=\"wp-block-group has-white-color has-leafgreen-background-color has-text-color has-background\"><div class=\"wp-block-group__inner-container is-layout-flow wp-block-group-is-layout-flow\">\n<p><a href=\"https:\/\/resiliatour.ch\/fr\/event\/achtsamkeit-in-der-natur\/\"><strong>S&#8217;entra\u00eener \u00e0 la pleine conscience dans la nature<\/strong><\/a><br>Cours en individuel ou en groupe<br>Valais central et Haut-Valais<\/p>\n<\/div><\/div>\n<\/div><\/div>\n\n\n\n<div class=\"wp-block-group has-white-color has-leafgreen-background-color has-text-color has-background\"><div class=\"wp-block-group__inner-container is-layout-flow wp-block-group-is-layout-flow\">\n<blockquote class=\"wp-block-quote has-text-align-center is-style-plain is-layout-flow wp-block-quote-is-layout-flow\">\n<p>\u00ab\u00c0 chaque instant, nous avons la possibilit\u00e9 de recommencer.\u00bb<\/p>\n<cite><br>Thich Nhat Hanh (1926 &#8211; 2022)<\/cite><\/blockquote>\n<\/div><\/div>\n\n\n\n<div class=\"wp-block-group has-olivegreen-color has-text-color\"><div class=\"wp-block-group__inner-container is-layout-flow wp-block-group-is-layout-flow\">\n<p>   <br>  <\/p>\n\n\n\n<div class=\"wp-block-columns is-layout-flex wp-container-core-columns-is-layout-9d6595d7 wp-block-columns-is-layout-flex\">\n<div class=\"wp-block-column is-layout-flow wp-block-column-is-layout-flow\">\n<figure class=\"wp-block-image size-full\"><a href=\"https:\/\/resiliatour.ch\/fr\/intervenants\/\"><img loading=\"lazy\" decoding=\"async\" width=\"690\" height=\"399\" src=\"https:\/\/projects.botanibot.com\/resiliatour\/app\/uploads\/2022\/02\/barbara1.jpg\" alt=\"\" class=\"wp-image-17\" srcset=\"https:\/\/resiliatour.ch\/app\/uploads\/2022\/02\/barbara1.jpg 690w, https:\/\/resiliatour.ch\/app\/uploads\/2022\/02\/barbara1-300x173.jpg 300w\" sizes=\"auto, (max-width: 690px) 100vw, 690px\" \/><\/a><\/figure>\n\n\n\n<h2 class=\"wp-block-heading\" id=\"barbara-rehmann\">Barbara Rehmann<\/h2>\n\n\n\n<p>Renforcer la r\u00e9silience \u2013 de mani\u00e8re ludique, en lien avec la nature et applicable au quotidien<\/p>\n<\/div>\n<\/div>\n\n\n\n<blockquote class=\"wp-block-quote has-text-align-center is-style-plain is-layout-flow wp-block-quote-is-layout-flow\">\n<p><mark style=\"background-color:rgba(0, 0, 0, 0)\" class=\"has-inline-color has-leafgreen-color\">\u00ab Notre pr\u00e9occupation est de cultiver la diversit\u00e9 chez l\u2019\u00eatre humain, soutenir les personnes dans leur auto-exploration et renforcer leurs ressources. \u00bb<\/mark><\/p>\n<\/blockquote>\n<\/div><\/div>\n\n\n\n<div class=\"wp-block-cover is-light\"><img loading=\"lazy\" decoding=\"async\" width=\"1500\" height=\"646\" class=\"wp-block-cover__image-background wp-image-19\" alt=\"\" src=\"https:\/\/projects.botanibot.com\/resiliatour\/app\/uploads\/2022\/02\/bild_start2.jpg\" data-object-fit=\"cover\" srcset=\"https:\/\/resiliatour.ch\/app\/uploads\/2022\/02\/bild_start2.jpg 1500w, https:\/\/resiliatour.ch\/app\/uploads\/2022\/02\/bild_start2-300x129.jpg 300w, https:\/\/resiliatour.ch\/app\/uploads\/2022\/02\/bild_start2-1024x441.jpg 1024w, https:\/\/resiliatour.ch\/app\/uploads\/2022\/02\/bild_start2-768x331.jpg 768w\" sizes=\"auto, (max-width: 1500px) 100vw, 1500px\" \/><span aria-hidden=\"true\" class=\"wp-block-cover__background has-background-dim-0 has-background-dim\"><\/span><div class=\"wp-block-cover__inner-container is-layout-flow wp-block-cover-is-layout-flow\">\n<p class=\"has-text-align-center has-large-font-size\"><\/p>\n<\/div><\/div>\n\n\n\n<div class=\"wp-block-group\"><div class=\"wp-block-group__inner-container is-layout-constrained wp-block-group-is-layout-constrained\">\n<div class=\"wp-block-columns is-style-faq is-layout-flex wp-container-core-columns-is-layout-9d6595d7 wp-block-columns-is-layout-flex\">\n<div class=\"wp-block-column is-layout-flow wp-block-column-is-layout-flow\">\n<h4 class=\"wp-block-heading\" id=\"was-ist-resilienz\"><strong>Qu\u2019est-ce que la r\u00e9silience?<\/strong><\/h4>\n<\/div>\n\n\n\n<div class=\"wp-block-column is-layout-flow wp-block-column-is-layout-flow\">\n<p>La r\u00e9silience est la capacit\u00e9 de l&#8217;individu \u00e0 rebondir sainement face \u00e0 des situations ou des \u00e9v\u00e9nements de vie difficiles et exigeants.<\/p>\n\n\n\n<p>La r\u00e9silience est un processus dynamique qui d\u00e9pend des propres facteurs de risque\/comportements \u00e0 risque et des propres facteurs de protection\/strat\u00e9gies de protection.<\/p>\n<\/div>\n<\/div>\n\n\n\n<div class=\"wp-block-columns is-style-faq is-layout-flex wp-container-core-columns-is-layout-9d6595d7 wp-block-columns-is-layout-flex\">\n<div class=\"wp-block-column is-layout-flow wp-block-column-is-layout-flow\">\n<h4 class=\"wp-block-heading\" id=\"was-ist-resilienz\"><strong>Comment encourager la r\u00e9silience?<\/strong><\/h4>\n<\/div>\n\n\n\n<div class=\"wp-block-column is-layout-flow wp-block-column-is-layout-flow\">\n<p>Les mesures favorisant la r\u00e9silience limitent le propre comportement \u00e0 risque et renforcent\/\u00e9largissent les propres strat\u00e9gies de protection. Il existe d&#8217;innombrables possibilit\u00e9s de renforcer sa propre r\u00e9silience. Un comportement sain au quotidien, des exercices cibl\u00e9s et un entra\u00eenement r\u00e9gulier permettent d&#8217;am\u00e9liorer sa r\u00e9silience \u00e0 long terme.<\/p>\n\n\n\n<ul class=\"wp-block-list\">\n<li>Moins (mais avec une pr\u00e9sence int\u00e9rieure) est plus : nous dispensons des m\u00e9thodes de soutien aussi br\u00e8ves et simples que possible, qui peuvent \u00eatre appliqu\u00e9es dans toutes les situations de la vie<\/li>\n\n\n\n<li>Nos participants au cours seront ensuite \u00e0 m\u00eame d\u2019utiliser les m\u00e9thodes enseign\u00e9es<\/li>\n<\/ul>\n\n\n\n<p>Il existe diff\u00e9rents domaines dans lesquels la r\u00e9silience peut \u00eatre renforc\u00e9e :<br><br>L&#8217;un des domaines implique la connaissance de soi et, par cons\u00e9quent, la structuration de son environnement personnel : quelles sont mes valeurs?&nbsp; mes forces? mon mode de vie me convient-il? Les choses qui me passionnent et m\u2019animent ont-elles une place privil\u00e9gi\u00e9e dans mon quotidien ?<\/p>\n\n\n\n<p>Une fois les objectifs personnels clarifi\u00e9s et formul\u00e9s, l&#8217;\u00e9tape suivante consiste \u00e0 am\u00e9liorer la mani\u00e8re de les atteindre en appliquant des m\u00e9thodes sp\u00e9cifiques.<\/p>\n\n\n\n<p>Cultiver sa propre diversit\u00e9, cr\u00e9er son propre rythme de vie, d\u00e9couvrir le monde de mani\u00e8re ludique et sensorielle ont \u00e9galement un effet positif sur la r\u00e9silience. Est-ce que dans mon quotidien j\u2019arrive \u00e0 oublier le stress et vivre des moments positifs et enrichissants? vivre des moments de pleine conscience, sans intention particuli\u00e8re, et me concentrer sur le moment pr\u00e9sent? Est-ce que je suis capable d\u2019accepter des situations irr\u00e9vocables? Nous prenons en compte tous ces aspects et proposons une m\u00e9thode d\u2019encouragement \u00e0 la r\u00e9silience qui nous tient particuli\u00e8rement \u00e0 coeur, l\u2019\u00abentra\u00eenement de la pleine conscience dans la nature&nbsp;\u00bb.<\/p>\n\n\n\n<p>Les relations sociales sont \u00e9galement un facteur de r\u00e9silience important. Sont-elles pr\u00e9sentes ? Sont-elles un soutien?<\/p>\n\n\n\n<p>Enfin, un esprit optimiste, valorisant, ouvert et orient\u00e9 vers les solutions est un facteur de r\u00e9silience important qui peut \u00e9galement \u00eatre entra\u00een\u00e9.<\/p>\n<\/div>\n<\/div>\n\n\n\n<div class=\"wp-block-columns is-style-faq is-layout-flex wp-container-core-columns-is-layout-9d6595d7 wp-block-columns-is-layout-flex\">\n<div class=\"wp-block-column is-layout-flow wp-block-column-is-layout-flow\">\n<h4 class=\"wp-block-heading\" id=\"was-ist-resilienz\"><strong>Pourquoi nos offres sur l\u2019entra\u00eenement \u00e0 la r\u00e9silience se d\u00e9roulent-elles dans la nature?<\/strong><\/h4>\n<\/div>\n\n\n\n<div class=\"wp-block-column is-layout-flow wp-block-column-is-layout-flow\">\n<p><strong>Les aspects de la nature b\u00e9n\u00e9fiques pour la sant\u00e9\/la r\u00e9silience<\/strong><br>L&#8217;homme fait partie de la nature. De par son \u00e9volution, il r\u00e9agit positivement \u00e0 une nature verdoyante et saine, source de nourriture et d\u2019eau. Des \u00e9tudes ont d\u00e9montr\u00e9 que le parfum des plantes, l&#8217;exercice physique et contempler des paysages naturels verdoyants et\/ou de l&#8217;eau ont des effets b\u00e9n\u00e9fiques sur la sant\u00e9.<\/p>\n\n\n\n<p>Il est difficile d&#8217;affirmer en r\u00e8gle g\u00e9n\u00e9rale que la relation \u00e0 la nature peut \u00eatre un facteur de r\u00e9silience. L&#8217;empreinte personnelle (conditionnement) par rapport \u00e0 la nature, l&#8217;attitude de l&#8217;individu (ouverture, curiosit\u00e9, int\u00e9r\u00eat, flexibilit\u00e9) et les conditions environnementales et personnelles ad\u00e9quates sont d\u00e9terminantes pour vivre une exp\u00e9rience de la nature b\u00e9n\u00e9fique pour la sant\u00e9.<\/p>\n\n\n\n<p><strong>La nature \u2013 un espace diversifi\u00e9, vivant et en constante \u00e9volution<\/strong><br>\u00ab La nature \u00e9veille les sens ; elle invite \u00e0 l\u2019exploration, \u00e0 la cr\u00e9ation, aux rencontres avec d\u2019autres formes de vie, \u00e0 des r\u00e9flexions existentielles et \u00e0 des exp\u00e9riences spirituelles.<\/p>\n\n\n\n<p>La nature nous est \u00e0 la fois \u00e9trang\u00e8re et famili\u00e8re. Elle nous met au d\u00e9fi et nous soutient, elle nous \u00e9l\u00e8ve et nous enracine, elle nous montre des limites et des possibilit\u00e9s insoup\u00e7onn\u00e9es. La nature nous permet de prendre de la distance par rapport \u00e0 notre monde familier et, gr\u00e2ce \u00e0 ses qualit\u00e9s particuli\u00e8res, elle nous accueille dans un monde o\u00f9 nous pouvons faire l\u2019exp\u00e9rience de la simplicit\u00e9, de la l\u00e9g\u00e8ret\u00e9, du lien, de la s\u00e9r\u00e9nit\u00e9, de la confiance, de la gratitude et de la joie d\u2019\u00eatre. \u00bb<\/p>\n\n\n\n<p>Citation tir\u00e9e du livre : \u00ab Achtsamkeit in der Natur \u00bb, Michael Huppertz &amp; Verena Schatanek, 2e \u00e9dition r\u00e9vis\u00e9e, \u00e9ditions Junfermann, 2021<\/p>\n<\/div>\n<\/div>\n\n\n\n<div class=\"wp-block-columns is-style-faq is-layout-flex wp-container-core-columns-is-layout-9d6595d7 wp-block-columns-is-layout-flex\">\n<div class=\"wp-block-column is-layout-flow wp-block-column-is-layout-flow\">\n<h4 class=\"wp-block-heading\" id=\"was-ist-resilienz\"><strong>Qu\u2019est-ce que la pleine conscience?<\/strong><\/h4>\n<\/div>\n\n\n\n<div class=\"wp-block-column is-layout-flow wp-block-column-is-layout-flow\">\n<p>La pleine conscience est la capacit\u00e9 \u00e0 vivre le moment pr\u00e9sent et \u00eatre en contact conscient avec son environnement et soi-m\u00eame, sans poursuivre d&#8217;autres objectifs. C&#8217;est l&#8217;art d&#8217;\u00eatre l\u00e0, tout simplement.<\/p>\n\n\n\n<p>La pleine conscience se manifeste donc:<\/p>\n\n\n\n<ul class=\"wp-block-list\">\n<li>consciemment<\/li>\n\n\n\n<li>sans intention<\/li>\n\n\n\n<li>au moment pr\u00e9sent<\/li>\n\n\n\n<li>par une attitude ouverte et exp\u00e9rimentale<\/li>\n\n\n\n<li>avec tol\u00e9rance (laisser faire)<\/li>\n\n\n\n<li><\/li>\n<\/ul>\n\n\n\n<p><strong>La pleine conscience dans la nature<\/strong><\/p>\n\n\n\n<p>Nos exercices de pleine conscience consistent \u00e0 observer notre perception de l&#8217;environnement, ce qu&#8217;il suscite en nous, l\u2019effet qu\u2019il a sur nous, comment nous nous sentons tout au fond de nous en ce moment dans la nature. Il ne nous est pas possible, \u00e0 nous les humains, de percevoir la nature, \u00abtelle qu&#8217;elle est\u00bb. Nos perceptions sont conditionn\u00e9es par nos pratiques et nos mod\u00e8les d&#8217;interpr\u00e9tation culturels et personnels. En interaction avec l&#8217;environnement, ils cr\u00e9ent ce que nous appelons des \u00abperceptions\u00bb.<\/p>\n\n\n\n<p>La nature \u00e9veille les sens, elle incite \u00e0 l&#8217;exploration, \u00e0 la cr\u00e9ation, \u00e0 la rencontre avec d&#8217;autres formes de vie, \u00e0 des r\u00e9flexions existentielles et \u00e0 des exp\u00e9riences spirituelles.<\/p>\n\n\n\n<p>La nature nous est \u00e0 la fois \u00e9trang\u00e8re et famili\u00e8re. Elle nous d\u00e9fie et nous porte, elle nous \u00e9l\u00e8ve et nous enracine, elle nous montre des limites et des horizons insoup\u00e7onn\u00e9s. La nature nous permet de prendre de la distance par rapport \u00e0 notre monde familier et, gr\u00e2ce \u00e0 ses caract\u00e9ristiques particuli\u00e8res, nous accueille dans un univers o\u00f9 nous pouvons vivre la simplicit\u00e9, la l\u00e9g\u00e8ret\u00e9, l&#8217;attachement, la s\u00e9r\u00e9nit\u00e9, la confiance, la gratitude et la joie d&#8217;exister.<\/p>\n<\/div>\n<\/div>\n\n\n\n<div class=\"wp-block-columns is-style-faq is-layout-flex wp-container-core-columns-is-layout-9d6595d7 wp-block-columns-is-layout-flex\">\n<div class=\"wp-block-column is-layout-flow wp-block-column-is-layout-flow\">\n<h4 class=\"wp-block-heading\" id=\"was-ist-resilienz\"><strong>Quand l&#8217;attitude de pleine conscience est-elle pertinente<\/strong>?<\/h4>\n<\/div>\n\n\n\n<div class=\"wp-block-column is-layout-flow wp-block-column-is-layout-flow\">\n<p>La pleine conscience est une attitude pertinente lorsque nous ne voulons pas ou ne pouvons pas changer une situation.<\/p>\n<\/div>\n<\/div>\n\n\n\n<div class=\"wp-block-columns is-style-faq is-layout-flex wp-container-core-columns-is-layout-9d6595d7 wp-block-columns-is-layout-flex\">\n<div class=\"wp-block-column is-layout-flow wp-block-column-is-layout-flow\">\n<h4 class=\"wp-block-heading\" id=\"was-ist-resilienz\"><strong>Pourquoi pratiquer la pleine conscience?<\/strong><\/h4>\n<\/div>\n\n\n\n<div class=\"wp-block-column is-layout-flow wp-block-column-is-layout-flow\">\n<p>Adopter pleinement l\u2019attitude de pleine conscience lib\u00e8re en nous un \u00e9ventail de cr\u00e9ativit\u00e9 insoup\u00e7onn\u00e9 jusque-l\u00e0. Nous prenons conscience de ce que nous faisons, quand et pourquoi, et pouvons ainsi favoriser notre \u00e9panouissement avec plus de facilit\u00e9 et de d\u00e9termination. Enfin, nous parvenons de plus en plus consciemment \u00e0 associer au tourbillon de nos habitudes quotidiennes de pens\u00e9e et d&#8217;action une pratique d&#8217;exercice pleine d&#8217;\u00e9nergie et de patience et d&#8217;apporter une vision priv\u00e9e et sociale corrective et positivement int\u00e9gratrice.<\/p>\n<\/div>\n<\/div>\n\n\n\n<div class=\"wp-block-columns is-style-faq is-layout-flex wp-container-core-columns-is-layout-9d6595d7 wp-block-columns-is-layout-flex\">\n<div class=\"wp-block-column is-layout-flow wp-block-column-is-layout-flow\">\n<h4 class=\"wp-block-heading\" id=\"was-ist-resilienz\"><strong>Que ne recherchons-nous pas en pratiquant la pleine conscience?<\/strong><\/h4>\n<\/div>\n\n\n\n<div class=\"wp-block-column is-layout-flow wp-block-column-is-layout-flow\">\n<p><\/p>\n\n\n\n<ul class=\"wp-block-list\">\n<li>essentiellement, le bien-\u00eatre, la sant\u00e9 et le bonheur<\/li>\n\n\n\n<li>surtout, \u00eatre introspectif<\/li>\n\n\n\n<li>\u00e9viter \u00e0 tout prix le jugement<\/li>\n\n\n\n<li>favoriser le \u00ab&nbsp;non penser&nbsp;\u00bb<\/li>\n<\/ul>\n<\/div>\n<\/div>\n\n\n\n<div class=\"wp-block-columns is-style-faq is-layout-flex wp-container-core-columns-is-layout-9d6595d7 wp-block-columns-is-layout-flex\">\n<div class=\"wp-block-column is-layout-flow wp-block-column-is-layout-flow\">\n<h4 class=\"wp-block-heading\" id=\"was-ist-resilienz\">Quelle est l&#8217;histoire de la pleine conscience?<\/h4>\n<\/div>\n\n\n\n<div class=\"wp-block-column is-layout-flow wp-block-column-is-layout-flow\">\n<p>Le bouddhisme et la tradition humaniste, dont la notion de pleine conscience remonte au mouvement de la r\u00e9forme des modes de vie du d\u00e9but du 20e si\u00e8cle, se caract\u00e9risent dans l&#8217;histoire de la pleine conscience parce que la pratique de la pleine conscience a \u00e9t\u00e9 d\u00e9velopp\u00e9e dans ces traditions comme chemin explicite d&#8217;exercice. Les concepts de pleine conscience les plus r\u00e9cents, apparus surtout au cours des 30 derni\u00e8res ann\u00e9es, se r\u00e9clament en premier lieu des traditions de pleine conscience asiatiques \u2013 en particulier bouddhistes \u2013 qui favorisent l&#8217;introspection et parfois la spiritualisation et qui impliquent des exercices stricts et souvent difficiles (exercices prolong\u00e9s et statiques). La confrontation consciente avec des exp\u00e9riences d\u00e9sagr\u00e9ables et avec les gouffres de la vie (m\u00e9ditations sur le caract\u00e8re \u00e9ph\u00e9m\u00e8re, la perte, la mort, etc.) est une contribution essentielle du bouddhisme au concept de la pleine conscience. Les traditions occidentales de la pleine conscience \u2013 tradition jud\u00e9o-chr\u00e9tienne, travail de Gindler-Jacoby, psychoth\u00e9rapie par la parole, th\u00e9rapie par la danse, th\u00e9rapie par la cr\u00e9ativit\u00e9, focusing, th\u00e9rapie par le mouvement concentratif et autres &#8211; se con\u00e7oivent plut\u00f4t comme une forme exp\u00e9rimentale de contact avec les situations, les choses, les personnes et soi-m\u00eame. Elles adoptent une d\u00e9marche plus individuelle et exp\u00e9rimentale et privil\u00e9gient les approches de mouvements corporels ais\u00e9s. En ce qui concerne la pleine conscience, nous pensons que les deux traditions peuvent \u00eatre r\u00e9unies dans un concept de pleine conscience riche, coh\u00e9rent et largement applicable.<\/p>\n\n\n\n<p><em>La plupart de ces extraits de textes, en partie adapt\u00e9s, sont tir\u00e9s du livre tr\u00e8s recommand\u00e9: \u00abAchtsamkeit in der Natur\u00bb, Michael Huppertz &amp; Verena Schatanek, 2e \u00e9dition r\u00e9vis\u00e9e, Junfermann Verlag 2021<\/em><\/p>\n<\/div>\n<\/div>\n<\/div><\/div>\n","protected":false},"excerpt":{"rendered":"<p>\u00ab\u00c0 chaque instant, nous avons la possibilit\u00e9 de recommencer.\u00bb Barbara Rehmann Renforcer la r\u00e9silience \u2013 de mani\u00e8re ludique, en lien avec la nature et applicable au quotidien \u00ab Notre pr\u00e9occupation est de cultiver la diversit\u00e9 chez l\u2019\u00eatre humain, soutenir les personnes dans leur auto-exploration et renforcer leurs ressources. \u00bb Qu\u2019est-ce que la r\u00e9silience? La r\u00e9silience [&hellip;]<\/p>\n","protected":false},"author":2,"featured_media":0,"parent":0,"menu_order":0,"comment_status":"closed","ping_status":"closed","template":"","meta":{"_acf_changed":false,"inline_featured_image":false,"_uag_custom_page_level_css":"","footnotes":""},"class_list":["post-517","page","type-page","status-publish","hentry"],"acf":[],"yoast_head":"<!-- This site is optimized with the Yoast SEO plugin v27.0 - https:\/\/yoast.com\/product\/yoast-seo-wordpress\/ -->\n<title>Startseite - resiliatour Brig Renforcer sa r\u00e9silience dans la nature - resiliatour S\u00e0rl<\/title>\n<meta name=\"description\" content=\"R\u00e9silience, pleine conscience et bain de for\u00eat dans la nature du Valais. resiliatour vous accompagne pour reconna\u00eetre, renforcer et d\u00e9velopper vos ressources.\" \/>\n<meta name=\"robots\" content=\"index, follow, max-snippet:-1, max-image-preview:large, max-video-preview:-1\" \/>\n<link rel=\"canonical\" href=\"https:\/\/resiliatour.ch\/fr\/\" \/>\n<meta property=\"og:locale\" content=\"fr_FR\" \/>\n<meta property=\"og:type\" content=\"article\" \/>\n<meta property=\"og:title\" content=\"Startseite - resiliatour Brig Renforcer sa r\u00e9silience dans la nature - resiliatour S\u00e0rl\" \/>\n<meta property=\"og:description\" content=\"R\u00e9silience, pleine conscience et bain de for\u00eat dans la nature du Valais. resiliatour vous accompagne pour reconna\u00eetre, renforcer et d\u00e9velopper vos ressources.\" \/>\n<meta property=\"og:url\" content=\"https:\/\/resiliatour.ch\/fr\/\" \/>\n<meta property=\"og:site_name\" content=\"resiliatour Brig\" \/>\n<meta property=\"article:publisher\" content=\"https:\/\/facebook.com\/resiliatour\" \/>\n<meta property=\"article:modified_time\" content=\"2026-04-27T13:06:47+00:00\" \/>\n<meta property=\"og:image\" content=\"https:\/\/resiliatour.ch\/app\/uploads\/2022\/02\/bild_start.jpg\" \/>\n\t<meta property=\"og:image:width\" content=\"1500\" \/>\n\t<meta property=\"og:image:height\" content=\"879\" \/>\n\t<meta property=\"og:image:type\" content=\"image\/jpeg\" \/>\n<meta name=\"twitter:card\" content=\"summary_large_image\" \/>\n<meta name=\"twitter:label1\" content=\"Est. reading time\" \/>\n\t<meta name=\"twitter:data1\" content=\"9 minutes\" \/>\n<script type=\"application\/ld+json\" class=\"yoast-schema-graph\">{\"@context\":\"https:\/\/schema.org\",\"@graph\":[{\"@type\":\"WebPage\",\"@id\":\"https:\/\/resiliatour.ch\/fr\/\",\"url\":\"https:\/\/resiliatour.ch\/fr\/\",\"name\":\"Startseite - resiliatour Brig Renforcer sa r\u00e9silience dans la nature - resiliatour S\u00e0rl\",\"isPartOf\":{\"@id\":\"https:\/\/resiliatour.ch\/#website\"},\"primaryImageOfPage\":{\"@id\":\"https:\/\/resiliatour.ch\/fr\/#primaryimage\"},\"image\":{\"@id\":\"https:\/\/resiliatour.ch\/fr\/#primaryimage\"},\"thumbnailUrl\":\"https:\/\/projects.botanibot.com\/resiliatour\/app\/uploads\/2022\/02\/bild_start.jpg\",\"datePublished\":\"2022-02-14T19:15:38+00:00\",\"dateModified\":\"2026-04-27T13:06:47+00:00\",\"description\":\"R\u00e9silience, pleine conscience et bain de for\u00eat dans la nature du Valais. resiliatour vous accompagne pour reconna\u00eetre, renforcer et d\u00e9velopper vos ressources.\",\"breadcrumb\":{\"@id\":\"https:\/\/resiliatour.ch\/fr\/#breadcrumb\"},\"inLanguage\":\"fr-FR\",\"potentialAction\":[{\"@type\":\"ReadAction\",\"target\":[\"https:\/\/resiliatour.ch\/fr\/\"]}]},{\"@type\":\"ImageObject\",\"inLanguage\":\"fr-FR\",\"@id\":\"https:\/\/resiliatour.ch\/fr\/#primaryimage\",\"url\":\"https:\/\/projects.botanibot.com\/resiliatour\/app\/uploads\/2022\/02\/bild_start.jpg\",\"contentUrl\":\"https:\/\/projects.botanibot.com\/resiliatour\/app\/uploads\/2022\/02\/bild_start.jpg\"},{\"@type\":\"BreadcrumbList\",\"@id\":\"https:\/\/resiliatour.ch\/fr\/#breadcrumb\",\"itemListElement\":[{\"@type\":\"ListItem\",\"position\":1,\"name\":\"Startseite\",\"item\":\"https:\/\/resiliatour.ch\/fr\/\"},{\"@type\":\"ListItem\",\"position\":2,\"name\":\"Startseite\"}]},{\"@type\":\"WebSite\",\"@id\":\"https:\/\/resiliatour.ch\/#website\",\"url\":\"https:\/\/resiliatour.ch\/\",\"name\":\"resiliatour\",\"description\":\"resilienz st\u00e4rken, renforcer sa r\u00e9silience\",\"publisher\":{\"@id\":\"https:\/\/resiliatour.ch\/#organization\"},\"potentialAction\":[{\"@type\":\"SearchAction\",\"target\":{\"@type\":\"EntryPoint\",\"urlTemplate\":\"https:\/\/resiliatour.ch\/?s={search_term_string}\"},\"query-input\":{\"@type\":\"PropertyValueSpecification\",\"valueRequired\":true,\"valueName\":\"search_term_string\"}}],\"inLanguage\":\"fr-FR\"},{\"@type\":\"Organization\",\"@id\":\"https:\/\/resiliatour.ch\/#organization\",\"name\":\"resiliatour GmbH\",\"url\":\"https:\/\/resiliatour.ch\/\",\"logo\":{\"@type\":\"ImageObject\",\"inLanguage\":\"fr-FR\",\"@id\":\"https:\/\/resiliatour.ch\/#\/schema\/logo\/image\/\",\"url\":\"https:\/\/resiliatour.ch\/app\/uploads\/2022\/02\/cropped-favicon.jpg\",\"contentUrl\":\"https:\/\/resiliatour.ch\/app\/uploads\/2022\/02\/cropped-favicon.jpg\",\"width\":512,\"height\":512,\"caption\":\"resiliatour GmbH\"},\"image\":{\"@id\":\"https:\/\/resiliatour.ch\/#\/schema\/logo\/image\/\"},\"sameAs\":[\"https:\/\/facebook.com\/resiliatour\",\"https:\/\/linkedin.com\/company\/resiliatour\"]}]}<\/script>\n<!-- \/ Yoast SEO plugin. -->","yoast_head_json":{"title":"Startseite - resiliatour Brig Renforcer sa r\u00e9silience dans la nature - resiliatour S\u00e0rl","description":"R\u00e9silience, pleine conscience et bain de for\u00eat dans la nature du Valais. resiliatour vous accompagne pour reconna\u00eetre, renforcer et d\u00e9velopper vos ressources.","robots":{"index":"index","follow":"follow","max-snippet":"max-snippet:-1","max-image-preview":"max-image-preview:large","max-video-preview":"max-video-preview:-1"},"canonical":"https:\/\/resiliatour.ch\/fr\/","og_locale":"fr_FR","og_type":"article","og_title":"Startseite - resiliatour Brig Renforcer sa r\u00e9silience dans la nature - resiliatour S\u00e0rl","og_description":"R\u00e9silience, pleine conscience et bain de for\u00eat dans la nature du Valais. resiliatour vous accompagne pour reconna\u00eetre, renforcer et d\u00e9velopper vos ressources.","og_url":"https:\/\/resiliatour.ch\/fr\/","og_site_name":"resiliatour Brig","article_publisher":"https:\/\/facebook.com\/resiliatour","article_modified_time":"2026-04-27T13:06:47+00:00","og_image":[{"width":1500,"height":879,"url":"https:\/\/resiliatour.ch\/app\/uploads\/2022\/02\/bild_start.jpg","type":"image\/jpeg"}],"twitter_card":"summary_large_image","twitter_misc":{"Est. reading time":"9 minutes"},"schema":{"@context":"https:\/\/schema.org","@graph":[{"@type":"WebPage","@id":"https:\/\/resiliatour.ch\/fr\/","url":"https:\/\/resiliatour.ch\/fr\/","name":"Startseite - resiliatour Brig Renforcer sa r\u00e9silience dans la nature - resiliatour S\u00e0rl","isPartOf":{"@id":"https:\/\/resiliatour.ch\/#website"},"primaryImageOfPage":{"@id":"https:\/\/resiliatour.ch\/fr\/#primaryimage"},"image":{"@id":"https:\/\/resiliatour.ch\/fr\/#primaryimage"},"thumbnailUrl":"https:\/\/projects.botanibot.com\/resiliatour\/app\/uploads\/2022\/02\/bild_start.jpg","datePublished":"2022-02-14T19:15:38+00:00","dateModified":"2026-04-27T13:06:47+00:00","description":"R\u00e9silience, pleine conscience et bain de for\u00eat dans la nature du Valais. resiliatour vous accompagne pour reconna\u00eetre, renforcer et d\u00e9velopper vos ressources.","breadcrumb":{"@id":"https:\/\/resiliatour.ch\/fr\/#breadcrumb"},"inLanguage":"fr-FR","potentialAction":[{"@type":"ReadAction","target":["https:\/\/resiliatour.ch\/fr\/"]}]},{"@type":"ImageObject","inLanguage":"fr-FR","@id":"https:\/\/resiliatour.ch\/fr\/#primaryimage","url":"https:\/\/projects.botanibot.com\/resiliatour\/app\/uploads\/2022\/02\/bild_start.jpg","contentUrl":"https:\/\/projects.botanibot.com\/resiliatour\/app\/uploads\/2022\/02\/bild_start.jpg"},{"@type":"BreadcrumbList","@id":"https:\/\/resiliatour.ch\/fr\/#breadcrumb","itemListElement":[{"@type":"ListItem","position":1,"name":"Startseite","item":"https:\/\/resiliatour.ch\/fr\/"},{"@type":"ListItem","position":2,"name":"Startseite"}]},{"@type":"WebSite","@id":"https:\/\/resiliatour.ch\/#website","url":"https:\/\/resiliatour.ch\/","name":"resiliatour","description":"resilienz st\u00e4rken, renforcer sa r\u00e9silience","publisher":{"@id":"https:\/\/resiliatour.ch\/#organization"},"potentialAction":[{"@type":"SearchAction","target":{"@type":"EntryPoint","urlTemplate":"https:\/\/resiliatour.ch\/?s={search_term_string}"},"query-input":{"@type":"PropertyValueSpecification","valueRequired":true,"valueName":"search_term_string"}}],"inLanguage":"fr-FR"},{"@type":"Organization","@id":"https:\/\/resiliatour.ch\/#organization","name":"resiliatour GmbH","url":"https:\/\/resiliatour.ch\/","logo":{"@type":"ImageObject","inLanguage":"fr-FR","@id":"https:\/\/resiliatour.ch\/#\/schema\/logo\/image\/","url":"https:\/\/resiliatour.ch\/app\/uploads\/2022\/02\/cropped-favicon.jpg","contentUrl":"https:\/\/resiliatour.ch\/app\/uploads\/2022\/02\/cropped-favicon.jpg","width":512,"height":512,"caption":"resiliatour GmbH"},"image":{"@id":"https:\/\/resiliatour.ch\/#\/schema\/logo\/image\/"},"sameAs":["https:\/\/facebook.com\/resiliatour","https:\/\/linkedin.com\/company\/resiliatour"]}]}},"uagb_featured_image_src":{"full":false,"thumbnail":false,"medium":false,"medium_large":false,"large":false,"1536x1536":false,"2048x2048":false,"600w":false,"1200w":false,"1800w":false,"2000w":false,"2400w":false},"uagb_author_info":{"display_name":"resbasteliatour","author_link":"https:\/\/resiliatour.ch\/fr\/author\/resbasteliatour\/"},"uagb_comment_info":0,"uagb_excerpt":"\u00ab\u00c0 chaque instant, nous avons la possibilit\u00e9 de recommencer.\u00bb Barbara Rehmann Renforcer la r\u00e9silience \u2013 de mani\u00e8re ludique, en lien avec la nature et applicable au quotidien \u00ab Notre pr\u00e9occupation est de cultiver la diversit\u00e9 chez l\u2019\u00eatre humain, soutenir les personnes dans leur auto-exploration et renforcer leurs ressources. \u00bb Qu\u2019est-ce que la r\u00e9silience? La r\u00e9silience&hellip;","_links":{"self":[{"href":"https:\/\/resiliatour.ch\/fr\/wp-json\/wp\/v2\/pages\/517","targetHints":{"allow":["GET"]}}],"collection":[{"href":"https:\/\/resiliatour.ch\/fr\/wp-json\/wp\/v2\/pages"}],"about":[{"href":"https:\/\/resiliatour.ch\/fr\/wp-json\/wp\/v2\/types\/page"}],"author":[{"embeddable":true,"href":"https:\/\/resiliatour.ch\/fr\/wp-json\/wp\/v2\/users\/2"}],"replies":[{"embeddable":true,"href":"https:\/\/resiliatour.ch\/fr\/wp-json\/wp\/v2\/comments?post=517"}],"version-history":[{"count":116,"href":"https:\/\/resiliatour.ch\/fr\/wp-json\/wp\/v2\/pages\/517\/revisions"}],"predecessor-version":[{"id":2344,"href":"https:\/\/resiliatour.ch\/fr\/wp-json\/wp\/v2\/pages\/517\/revisions\/2344"}],"wp:attachment":[{"href":"https:\/\/resiliatour.ch\/fr\/wp-json\/wp\/v2\/media?parent=517"}],"curies":[{"name":"wp","href":"https:\/\/api.w.org\/{rel}","templated":true}]}}